{"id":541,"date":"2023-07-17T13:47:01","date_gmt":"2023-07-17T11:47:01","guid":{"rendered":"https:\/\/hans-multscher-ulm.de\/?page_id=541"},"modified":"2024-09-05T20:24:52","modified_gmt":"2024-09-05T18:24:52","slug":"kooperationspartner","status":"publish","type":"page","link":"https:\/\/hans-multscher-ulm.de\/index.php\/kooperationspartner\/","title":{"rendered":"Kooperationspartner"},"content":{"rendered":"\n<p>Unsere Schule ist stolz darauf, den Kindern durch die tollen und vielf\u00e4ltigen Kooperationspartner und -partnerinnen ein buntes und abwechslungsreiches Programm vor, w\u00e4hrend und nach der Schule bieten zu k\u00f6nnen!<\/p>\n\n\n\n<p>Auf dieser Seite sind alle Kooperationspartnerschaften zu finden:<\/p>\n\n\n\n<figure class=\"wp-block-image size-large\"><img loading=\"lazy\" decoding=\"async\" width=\"1024\" height=\"251\" src=\"https:\/\/hans-multscher-ulm.de\/wp-content\/uploads\/2023\/04\/JB_Schule_Logo_05_2019_1-1024x251.jpg\" alt=\"\" class=\"wp-image-336\" srcset=\"https:\/\/hans-multscher-ulm.de\/wp-content\/uploads\/2023\/04\/JB_Schule_Logo_05_2019_1-1024x251.jpg 1024w, https:\/\/hans-multscher-ulm.de\/wp-content\/uploads\/2023\/04\/JB_Schule_Logo_05_2019_1-300x73.jpg 300w, https:\/\/hans-multscher-ulm.de\/wp-content\/uploads\/2023\/04\/JB_Schule_Logo_05_2019_1-768x188.jpg 768w, https:\/\/hans-multscher-ulm.de\/wp-content\/uploads\/2023\/04\/JB_Schule_Logo_05_2019_1-1536x376.jpg 1536w, https:\/\/hans-multscher-ulm.de\/wp-content\/uploads\/2023\/04\/JB_Schule_Logo_05_2019_1.jpg 2042w\" sizes=\"auto, (max-width: 1024px) 100vw, 1024px\" \/><figcaption class=\"wp-element-caption\">\u00dcber das Jugendbegleiterprogramm bieten wir zahlreiche AGs f\u00fcr unsere Sch\u00fcler und Sch\u00fclerinnen an. Au\u00dferdem unterst\u00fctzen Jugendbegleiter und -begleiterinnen Kleingruppen beim Lernen im Rahmen einer individuellen Hausaufgabenbetreuung. Haben Sie auch Interesse daran, sich ehrenamtlich zu engagieren? Melden Sie sich gerne bei uns in der Schule!<\/figcaption><\/figure>\n\n\n<div class=\"wp-block-image\">\n<figure class=\"aligncenter size-full\"><img loading=\"lazy\" decoding=\"async\" width=\"939\" height=\"374\" src=\"https:\/\/hans-multscher-ulm.de\/wp-content\/uploads\/2023\/09\/biss-logo-1-1.jpg\" alt=\"\" class=\"wp-image-606\" srcset=\"https:\/\/hans-multscher-ulm.de\/wp-content\/uploads\/2023\/09\/biss-logo-1-1.jpg 939w, https:\/\/hans-multscher-ulm.de\/wp-content\/uploads\/2023\/09\/biss-logo-1-1-300x119.jpg 300w, https:\/\/hans-multscher-ulm.de\/wp-content\/uploads\/2023\/09\/biss-logo-1-1-768x306.jpg 768w\" sizes=\"auto, (max-width: 939px) 100vw, 939px\" \/><figcaption class=\"wp-element-caption\"><br><strong>Transfer von Sprachbildung, Lese- und&nbsp;Schreibf\u00f6rderung (BiSS-Transfer)<\/strong><br>&nbsp;<br>BiSS-Transfer ist eine gemeinsame Initiative des&nbsp;Bundesministeriums f\u00fcr Bildung und Forschung&nbsp;(BMBF) und der Kultusministerkonferenz (KMK) zum&nbsp;Transfer von Sprachbildung, Lese- und&nbsp;Schreibf\u00f6rderung in Schulen und Kitas (<a href=\"http:\/\/www.biss-sprachbildung.de\">www.biss-sprachbildung.de<\/a>).&nbsp;<br>Ziel in Baden-W\u00fcrttemberg ist die St\u00e4rkung der Basiskompetenzen der Sch\u00fclerinnen und Sch\u00fcler im Bereich des Lesens. Im Mittelpunkt steht die F\u00f6rderung der Lesefertigkeiten (Lesetechnik, Lesefl\u00fcssigkeit) sowie der Lesef\u00e4higkeiten (Leseverstehen, Lesestrategien). Auf der Basis eines einheitlichen und systematischen Lesecurriculums setzen die BiSS-Grundschulen Schritt f\u00fcr Schritt nachweislich lernf\u00f6rderliche Elemente im Leseunterricht um, wie z.B. das Training der Lesefl\u00fcssigkeit mithilfe von Lautlesetandems und den Einsatz ausgew\u00e4hlter Lesestrategien. Damit die Umsetzung in allen Klassenstufen gut funktioniert, hat jede BiSS-Grundschule eine eigene Projektgruppe eingerichtet, die sich regelm\u00e4\u00dfig trifft, um \u00fcber n\u00e4chste Schritte in der Umsetzung zu sprechen. Jede Schule hat zudem eine BiSS-Ansprechperson, die gemeinsam mit der Schulleitung das Kollegium an der Schule dabei unterst\u00fctzt, das BiSS-Lesef\u00f6rderkonzept umzusetzen. Unsere BiSS-Ansprechperson an der Schule ist Herr Freitag.<br>&nbsp;In Baden-W\u00fcrttemberg nehmen mit Start des Schuljahres 2023\/2024 insgesamt 2030 Grundschulen teil.<\/figcaption><\/figure>\n<\/div>\n\n\n<p><\/p>\n\n\n<div class=\"wp-block-image\">\n<figure class=\"aligncenter size-full\"><img loading=\"lazy\" decoding=\"async\" width=\"843\" height=\"277\" src=\"https:\/\/hans-multscher-ulm.de\/wp-content\/uploads\/2023\/07\/Gaensebluemchen.png\" alt=\"\" class=\"wp-image-558\" srcset=\"https:\/\/hans-multscher-ulm.de\/wp-content\/uploads\/2023\/07\/Gaensebluemchen.png 843w, https:\/\/hans-multscher-ulm.de\/wp-content\/uploads\/2023\/07\/Gaensebluemchen-300x99.png 300w, https:\/\/hans-multscher-ulm.de\/wp-content\/uploads\/2023\/07\/Gaensebluemchen-768x252.png 768w\" sizes=\"auto, (max-width: 843px) 100vw, 843px\" \/><figcaption class=\"wp-element-caption\">Die G\u00e4nsebl\u00fcmchenstiftung unterst\u00fctzt unsere Schule auf vielf\u00e4ltige Weise. Einzelne Kinder werden beim Lernen von Lernhelfer*innen begleitet. Tolle Aktionen der Stiftung kommen zahlreichen Kindern unserer Schule zu Gute. Wollen Sie die Stiftung unterst\u00fctzen? Dann nehmen Sie gerne auch \u00fcber unsere Schule Kontakt auf!<\/figcaption><\/figure>\n<\/div>\n\n\n<p><\/p>\n\n\n\n<p><\/p>\n\n\n<div class=\"wp-block-image\">\n<figure class=\"aligncenter size-large is-resized\"><img loading=\"lazy\" decoding=\"async\" width=\"1024\" height=\"601\" src=\"https:\/\/hans-multscher-ulm.de\/wp-content\/uploads\/2023\/09\/GSB_RZ-1024x601.png\" alt=\"\" class=\"wp-image-601\" style=\"width:667px;height:381px\" srcset=\"https:\/\/hans-multscher-ulm.de\/wp-content\/uploads\/2023\/09\/GSB_RZ-1024x601.png 1024w, https:\/\/hans-multscher-ulm.de\/wp-content\/uploads\/2023\/09\/GSB_RZ-300x176.png 300w, https:\/\/hans-multscher-ulm.de\/wp-content\/uploads\/2023\/09\/GSB_RZ-768x451.png 768w, https:\/\/hans-multscher-ulm.de\/wp-content\/uploads\/2023\/09\/GSB_RZ.png 1495w\" sizes=\"auto, (max-width: 1024px) 100vw, 1024px\" \/><figcaption class=\"wp-element-caption\">Bewegung wird bei uns an der Schule gro\u00dfgeschrieben. Ob auf unserem einladenden, weitl\u00e4ufigen Pausenhof mit Kletternetzen oder Balancierstangen oder in kleinen Bewegungspausen, aber auch innerhalb des Stundenplans mit Walking- und Schwimmunterricht &#8211; dem Bewegungsdrang der Kinder werden wir an unserer Schule auf unterschiedliche Weise gerecht.<\/figcaption><\/figure>\n<\/div>\n\n\n<p><\/p>\n\n\n\n<p><\/p>\n\n\n\n<p><\/p>\n\n\n<div class=\"wp-block-image\">\n<figure class=\"alignright size-full is-resized\"><img loading=\"lazy\" decoding=\"async\" width=\"882\" height=\"639\" src=\"https:\/\/hans-multscher-ulm.de\/wp-content\/uploads\/2023\/05\/image.png\" alt=\"\" class=\"wp-image-373\" style=\"aspect-ratio:1.374384236453202;width:349px;height:auto\" srcset=\"https:\/\/hans-multscher-ulm.de\/wp-content\/uploads\/2023\/05\/image.png 882w, https:\/\/hans-multscher-ulm.de\/wp-content\/uploads\/2023\/05\/image-300x217.png 300w, https:\/\/hans-multscher-ulm.de\/wp-content\/uploads\/2023\/05\/image-768x556.png 768w\" sizes=\"auto, (max-width: 882px) 100vw, 882px\" \/><figcaption class=\"wp-element-caption\">Unser AG-Programm der Schule wird durch die AG Schatztruhe in der SUSO-Kirche erg\u00e4nzt. Zum Mittagessen innerhalb der Betreuung gehen die Kinder in die Mensa der SUSO-Kirche.<\/figcaption><\/figure>\n<\/div>\n\n<div class=\"wp-block-image\">\n<figure class=\"alignleft size-large is-resized\"><img loading=\"lazy\" decoding=\"async\" width=\"1024\" height=\"185\" src=\"https:\/\/hans-multscher-ulm.de\/wp-content\/uploads\/2023\/05\/image-3-1024x185.png\" alt=\"\" class=\"wp-image-376\" style=\"aspect-ratio:5.545454545454546;width:574px;height:auto\" srcset=\"https:\/\/hans-multscher-ulm.de\/wp-content\/uploads\/2023\/05\/image-3-1024x185.png 1024w, https:\/\/hans-multscher-ulm.de\/wp-content\/uploads\/2023\/05\/image-3-300x54.png 300w, https:\/\/hans-multscher-ulm.de\/wp-content\/uploads\/2023\/05\/image-3-768x139.png 768w, https:\/\/hans-multscher-ulm.de\/wp-content\/uploads\/2023\/05\/image-3.png 1100w\" sizes=\"auto, (max-width: 1024px) 100vw, 1024px\" \/><figcaption class=\"wp-element-caption\">Die Kirchen am Eselsberg erg\u00e4nzen unser Angebot an der Schule durch eine weitere wichtige Komponente. Im Laufe des Schuljahres bieten wir die M\u00f6glichkeit, an kindgerechten, \u00f6kumenischen Gottesdiensten teilzunehmen.<\/figcaption><\/figure>\n<\/div>\n\n\n<p><\/p>\n\n\n\n<p><\/p>\n\n\n\n<p><\/p>\n\n\n\n<p><\/p>\n\n\n<div class=\"wp-block-image\">\n<figure class=\"aligncenter size-full is-resized\"><img loading=\"lazy\" decoding=\"async\" width=\"300\" height=\"81\" src=\"https:\/\/hans-multscher-ulm.de\/wp-content\/uploads\/2023\/05\/image-1.png\" alt=\"\" class=\"wp-image-374\" style=\"aspect-ratio:3.696078431372549;width:374px;height:auto\"\/><figcaption class=\"wp-element-caption\">Einzelne Kinder unserer Schule werden von Chancenfinderpaten- und patinnen begleitet und in ihrem Alltag unterst\u00fctzt. Die Kinderstiftung spielt dabei die zentrale Vermittlungsrolle. Die originellen Aktionen der Kinderstiftung, wie zum Beispiel die Vespert\u00fctenaktion, kommen au\u00dferdem bei den Kindern unserer Schule immer super an!<\/figcaption><\/figure>\n<\/div>\n\n<div class=\"wp-block-image\">\n<figure class=\"aligncenter size-large is-resized\"><img loading=\"lazy\" decoding=\"async\" width=\"1024\" height=\"522\" src=\"https:\/\/hans-multscher-ulm.de\/wp-content\/uploads\/2024\/09\/04_SCP-Plakette-digital-1024x522.jpg\" alt=\"\" class=\"wp-image-825\" style=\"width:1078px;height:auto\" srcset=\"https:\/\/hans-multscher-ulm.de\/wp-content\/uploads\/2024\/09\/04_SCP-Plakette-digital-1024x522.jpg 1024w, https:\/\/hans-multscher-ulm.de\/wp-content\/uploads\/2024\/09\/04_SCP-Plakette-digital-300x153.jpg 300w, https:\/\/hans-multscher-ulm.de\/wp-content\/uploads\/2024\/09\/04_SCP-Plakette-digital-768x392.jpg 768w, https:\/\/hans-multscher-ulm.de\/wp-content\/uploads\/2024\/09\/04_SCP-Plakette-digital.jpg 1513w\" sizes=\"auto, (max-width: 1024px) 100vw, 1024px\" \/><figcaption class=\"wp-element-caption\">Als Hans-Multscher-Grundschule werden wir vom Startchancen-Programm unterst\u00fctzt, welches f\u00fcr mehr Chancengerechtigkeit sorgen m\u00f6chte. Das Programm startet zum Schuljahr 2024\/25 mit einer Laufzeit von zehn Jahren. Hierbei soll es vor allem um eine systemische Ver\u00e4nderungen und eine St\u00e4rkung der Leistungsf\u00e4higkeit des Bildungswesens gehen.<\/figcaption><\/figure>\n<\/div>\n\n\n<p><\/p>\n\n\n\n<p><\/p>\n\n\n\n<p><\/p>\n\n\n<div class=\"wp-block-image\">\n<figure class=\"alignright size-full is-resized\"><img loading=\"lazy\" decoding=\"async\" width=\"579\" height=\"260\" src=\"https:\/\/hans-multscher-ulm.de\/wp-content\/uploads\/2023\/07\/25mm-KA.jpg\" alt=\"\" class=\"wp-image-544\" style=\"width:466px;height:209px\" srcset=\"https:\/\/hans-multscher-ulm.de\/wp-content\/uploads\/2023\/07\/25mm-KA.jpg 579w, https:\/\/hans-multscher-ulm.de\/wp-content\/uploads\/2023\/07\/25mm-KA-300x135.jpg 300w\" sizes=\"auto, (max-width: 579px) 100vw, 579px\" \/><figcaption class=\"wp-element-caption\">Von der Stadt Ulm wurden wir zur L\u00f6wenschule ernannt und profitieren ab der zweiten Klassenstufe von dem tollen Angebot der Kultureinrichtungen.<\/figcaption><\/figure>\n<\/div>\n\n<div class=\"wp-block-image\">\n<figure class=\"alignleft size-full is-resized\"><img loading=\"lazy\" decoding=\"async\" width=\"815\" height=\"715\" src=\"https:\/\/hans-multscher-ulm.de\/wp-content\/uploads\/2023\/07\/Kulturloewe-Logo-final.png\" alt=\"\" class=\"wp-image-545\" style=\"width:441px;height:387px\" srcset=\"https:\/\/hans-multscher-ulm.de\/wp-content\/uploads\/2023\/07\/Kulturloewe-Logo-final.png 815w, https:\/\/hans-multscher-ulm.de\/wp-content\/uploads\/2023\/07\/Kulturloewe-Logo-final-300x263.png 300w, https:\/\/hans-multscher-ulm.de\/wp-content\/uploads\/2023\/07\/Kulturloewe-Logo-final-768x674.png 768w\" sizes=\"auto, (max-width: 815px) 100vw, 815px\" \/><figcaption class=\"wp-element-caption\">Kulturelle Teilhabe ist ein wichtiges Gut in unserer Gesellschaft. Den Sch\u00fclern und Sch\u00fclerinnen der Hans-Multscher-Grundschule wird durch diese Kooperation ein Besuch der Musikschule, ein Besuch im Ulmer Museum und ein Besuch im Stadtarchiv im Laufe der Schulzeit kostenlos erm\u00f6glicht.<\/figcaption><\/figure>\n<\/div>","protected":false},"excerpt":{"rendered":"<p>Unsere Schule ist stolz darauf, den Kindern durch die tollen und vielf\u00e4ltigen Kooperationspartner und -partnerinnen ein buntes und abwechslungsreiches Programm vor, w\u00e4hrend und nach der Schule bieten zu k\u00f6nnen! Auf dieser Seite sind alle&#46;&#46;&#46;<\/p>\n","protected":false},"author":3,"featured_media":0,"parent":0,"menu_order":0,"comment_status":"closed","ping_status":"closed","template":"","meta":{"_mc_calendar":[],"footnotes":""},"class_list":["post-541","page","type-page","status-publish","hentry"],"_links":{"self":[{"href":"https:\/\/hans-multscher-ulm.de\/index.php\/wp-json\/wp\/v2\/pages\/541","targetHints":{"allow":["GET"]}}],"collection":[{"href":"https:\/\/hans-multscher-ulm.de\/index.php\/wp-json\/wp\/v2\/pages"}],"about":[{"href":"https:\/\/hans-multscher-ulm.de\/index.php\/wp-json\/wp\/v2\/types\/page"}],"author":[{"embeddable":true,"href":"https:\/\/hans-multscher-ulm.de\/index.php\/wp-json\/wp\/v2\/users\/3"}],"replies":[{"embeddable":true,"href":"https:\/\/hans-multscher-ulm.de\/index.php\/wp-json\/wp\/v2\/comments?post=541"}],"version-history":[{"count":24,"href":"https:\/\/hans-multscher-ulm.de\/index.php\/wp-json\/wp\/v2\/pages\/541\/revisions"}],"predecessor-version":[{"id":827,"href":"https:\/\/hans-multscher-ulm.de\/index.php\/wp-json\/wp\/v2\/pages\/541\/revisions\/827"}],"wp:attachment":[{"href":"https:\/\/hans-multscher-ulm.de\/index.php\/wp-json\/wp\/v2\/media?parent=541"}],"curies":[{"name":"wp","href":"https:\/\/api.w.org\/{rel}","templated":true}]}}